{"id":8269,"date":"2026-07-22T09:24:05","date_gmt":"2026-07-22T09:24:05","guid":{"rendered":"https:\/\/strategiclearning.ca\/coaching-des-fonctions-executives-a-montreal-pour-les-enfants\/"},"modified":"2026-08-29T07:32:01","modified_gmt":"2026-08-29T07:32:01","slug":"executive-functioning-coaching","status":"publish","type":"page","link":"https:\/\/strategiclearning.ca\/fr\/executive-functioning-coaching\/","title":{"rendered":"Coaching des fonctions ex\u00e9cutives \u00e0 Montr\u00e9al pour les enfants"},"content":{"rendered":"\t\t<div data-elementor-type=\"wp-page\" data-elementor-id=\"8269\" class=\"elementor elementor-8269 elementor-8190\" data-elementor-post-type=\"page\">\n\t\t\t\t<div class=\"elementor-element elementor-element-7df03c73 e-flex e-con-boxed e-con e-parent\" data-id=\"7df03c73\" data-element_type=\"container\" data-e-type=\"container\">\n\t\t\t\t\t<div class=\"e-con-inner\">\n\t\t\t\t<div class=\"elementor-element elementor-element-8840da7 elementor-widget elementor-widget-text-editor\" data-id=\"8840da7\" data-element_type=\"widget\" data-e-type=\"widget\" data-widget_type=\"text-editor.default\">\n\t\t\t\t\t\t\t\t\t<p><style><span data-mce-type=\"bookmark\" style=\"display: inline-block;width: 0px;overflow: hidden;line-height: 0\" class=\"mce_SELRES_start\"><\/span><span data-mce-type=\"bookmark\" style=\"display: inline-block;width: 0px;overflow: hidden;line-height: 0\" class=\"mce_SELRES_start\"><\/span><br \/>.entry-content h2<span><br \/>    font-size: 30px !important;<br \/><span data-mce-type=\"bookmark\" style=\"display: inline-block;width: 0px;overflow: hidden;line-height: 0\" class=\"mce_SELRES_end\"><\/span><\/span><br \/>.entry-content h3<span><br \/>    font-size: 28px !important;<br \/><\/span><br \/><\/style><\/p><h2 style=\"font-size: 30px\">Que sont les fonctions ex\u00e9cutives et pourquoi elles sont importantes pour les \u00e9l\u00e8ves<\/h2><p>Les fonctions ex\u00e9cutives d\u00e9signent un ensemble de comp\u00e9tences cognitives de haut niveau qui aident les \u00e9l\u00e8ves \u00e0 planifier, s\u2019organiser, se concentrer et accomplir efficacement leurs t\u00e2ches. Elles incluent la m\u00e9moire de travail, l\u2019autocontr\u00f4le et la flexibilit\u00e9 cognitive, des comp\u00e9tences qui influencent la fa\u00e7on dont les \u00e9l\u00e8ves g\u00e8rent leur temps, priorisent leurs travaux et s\u2019adaptent aux d\u00e9fis \u00e0 l\u2019\u00e9cole et dans la vie quotidienne. <\/p><p>Lorsque ces comp\u00e9tences sont peu d\u00e9velopp\u00e9es, les \u00e9l\u00e8ves peuvent \u00e9prouver des difficult\u00e9s de gestion du temps, d\u2019initiation des t\u00e2ches, d\u2019organisation et de concentration, ce qui m\u00e8ne souvent \u00e0 de la frustration, de la procrastination ou \u00e0 de faibles r\u00e9sultats scolaires.<\/p><h4 style=\"font-size: 24px\">Comment les comp\u00e9tences des fonctions ex\u00e9cutives impactent-elles la r\u00e9ussite scolaire ?<\/h4><p>Les comp\u00e9tences en fonctions ex\u00e9cutives influencent la fa\u00e7on dont les \u00e9l\u00e8ves planifient, organisent, priorisent et accomplissent leurs t\u00e2ches. Ces comp\u00e9tences affectent la r\u00e9alisation des devoirs, la gestion du temps, les habitudes d&rsquo;\u00e9tude et la capacit\u00e9 \u00e0 travailler de mani\u00e8re autonome.<br \/>Les \u00e9l\u00e8ves qui \u00e9prouvent des difficult\u00e9s avec les fonctions ex\u00e9cutives savent souvent ce qui doit \u00eatre fait, mais ont du mal \u00e0 g\u00e9rer le processus n\u00e9cessaire pour le r\u00e9aliser avec succ\u00e8s. <\/p><p>\u00c0 la Clinique Strategic Learning \u00e0 Montr\u00e9al, nos programmes de coaching des fonctions ex\u00e9cutives aident les enfants et les adolescents \u00e0 renforcer ces capacit\u00e9s essentielles. Gr\u00e2ce \u00e0 des strat\u00e9gies personnalis\u00e9es et \u00e0 un accompagnement constant, les \u00e9l\u00e8ves apprennent \u00e0 mieux planifier, \u00e0 r\u00e9guler leurs \u00e9motions, \u00e0 rester organis\u00e9s et \u00e0 d\u00e9velopper la confiance n\u00e9cessaire pour atteindre leurs objectifs, en classe comme \u00e0 l\u2019ext\u00e9rieur. <\/p><h2 style=\"font-size: 30px\">Signes que votre enfant pourrait avoir des difficult\u00e9s avec les fonctions ex\u00e9cutives<\/h2><p>Les \u00e9l\u00e8ves dont les fonctions ex\u00e9cutives sont faibles ont souvent de la difficult\u00e9 \u00e0 g\u00e9rer leur temps, \u00e0 organiser leurs id\u00e9es et \u00e0 accomplir de fa\u00e7on autonome les t\u00e2ches quotidiennes. Ces d\u00e9fis peuvent affecter \u00e0 la fois les r\u00e9sultats scolaires et la r\u00e9gulation \u00e9motionnelle. <\/p><p>Les signes courants de dysfonction ex\u00e9cutive ou d\u2019\u00e9carts de comp\u00e9tences ex\u00e9cutives li\u00e9s au TDAH comprennent :<\/p><p>De nombreux \u00e9l\u00e8ves atteints de TDAH rencontrent des difficult\u00e9s li\u00e9es aux fonctions ex\u00e9cutives. Les difficult\u00e9s de planification, d&rsquo;organisation, de m\u00e9moire de travail et d&rsquo;autor\u00e9gulation peuvent avoir un impact sur les performances scolaires et les responsabilit\u00e9s quotidiennes. <\/p><p>Le coaching des fonctions ex\u00e9cutives aide les \u00e9l\u00e8ves \u00e0 d\u00e9velopper des strat\u00e9gies pratiques qui favorisent la r\u00e9ussite scolaire \u00e0 long terme.<\/p><ul><li>Difficult\u00e9 \u00e0 pr\u00eater attention ou \u00e0 rester concentr\u00e9 pendant les cours<\/li><li>Oublier les consignes ou \u00e9garer le mat\u00e9riel<\/li><li>Difficult\u00e9 \u00e0 planifier et \u00e0 organiser les travaux scolaires ou les effets personnels<\/li><li>Mauvaise gestion du temps et \u00e9ch\u00e9ances manqu\u00e9es<\/li><li>Procrastination ou difficult\u00e9 \u00e0 commencer et \u00e0 terminer les t\u00e2ches<\/li><li>Se frustrer facilement ou se sentir d\u00e9pass\u00e9 lorsque les routines changent<\/li><li>Difficult\u00e9 \u00e0 faire preuve de flexibilit\u00e9 ou \u00e0 trouver des solutions alternatives<\/li><li>Difficult\u00e9 \u00e0 se souvenir des d\u00e9tails ou \u00e0 apprendre de ses erreurs pass\u00e9es<\/li><\/ul><p>Si votre enfant vit fr\u00e9quemment ces difficult\u00e9s, le coaching des fonctions ex\u00e9cutives \u00e0 Montr\u00e9al peut l\u2019aider. \u00c0 la Clinique Strategic Learning, nos coachs utilisent des m\u00e9thodes structur\u00e9es et fond\u00e9es sur des donn\u00e9es probantes pour enseigner des strat\u00e9gies qui am\u00e9liorent la concentration, l\u2019organisation et l\u2019autor\u00e9gulation, des comp\u00e9tences essentielles \u00e0 l\u2019\u00e9cole comme dans la vie. <\/p><h2 style=\"font-size: 30px\">Comment le coaching des fonctions ex\u00e9cutives \u00e0 la Clinique Strategic Learning fait une diff\u00e9rence<\/h2><p>\u00c0 la Clinique Strategic Learning \u00e0 Montr\u00e9al, nos programmes de coaching des fonctions ex\u00e9cutives sont con\u00e7us pour aider les \u00e9l\u00e8ves \u00e0 renforcer les habilet\u00e9s mentales n\u00e9cessaires \u00e0 la r\u00e9ussite scolaire et \u00e0 l\u2019organisation au quotidien. Chaque plan est personnalis\u00e9 selon le style d\u2019apprentissage, les d\u00e9fis et les objectifs de l\u2019\u00e9l\u00e8ve. <\/p><p>Gr\u00e2ce \u00e0 un accompagnement individuel constant, les \u00e9l\u00e8ves apprennent \u00e0 :<\/p><ul><li>Planifier et d\u00e9couper les grands travaux en \u00e9tapes g\u00e9rables<\/li><li>Rester organis\u00e9s et prioriser efficacement les t\u00e2ches<\/li><li>G\u00e9rer leur temps et r\u00e9duire la procrastination<\/li><li>Commencer le travail de fa\u00e7on autonome et maintenir leur concentration<\/li><li>Am\u00e9liorer la m\u00e9moire de travail et l\u2019ex\u00e9cution des t\u00e2ches<\/li><li>Renforcer l\u2019autocontr\u00f4le, la r\u00e9gulation \u00e9motionnelle et la pers\u00e9v\u00e9rance<\/li><li>D\u00e9velopper la conscience m\u00e9tacognitive, en comprenant comment ils pensent et apprennent le mieux<\/li><li>Rester flexibles et r\u00e9silients face aux changements ou d\u00e9fis impr\u00e9vus<\/li><\/ul><p>Nos coachs certifi\u00e9s aident les \u00e9l\u00e8ves \u00e0 d\u00e9velopper des routines durables qui favorisent l\u2019autonomie, \u00e0 l\u2019\u00e9cole comme \u00e0 la maison. Pour les apprenants ayant un TDAH, nous offrons aussi du coaching des fonctions ex\u00e9cutives li\u00e9 au TDAH \u00e0 Montr\u00e9al, en combinant structure, responsabilisation et soutien personnalis\u00e9 afin d\u2019am\u00e9liorer la concentration et la performance. <\/p><h2 style=\"font-size: 30px\">Pourquoi le coaching des fonctions ex\u00e9cutives est important pour les \u00e9l\u00e8ves<\/h2><p>De nombreux enfants et adolescents qui vivent des difficult\u00e9s d\u2019apprentissage ou des d\u00e9fis li\u00e9s au TDAH ont de la difficult\u00e9 avec des comp\u00e9tences de fonctions ex\u00e9cutives comme la concentration, l\u2019organisation et le contr\u00f4le \u00e9motionnel. Sans intervention cibl\u00e9e, ces d\u00e9fis peuvent entra\u00eener de la frustration scolaire, une faible confiance en soi et des difficult\u00e9s \u00e0 g\u00e9rer les routines quotidiennes. <\/p><p>\u00c0 la Clinique Strategic Learning \u00e0 Montr\u00e9al, notre coaching des fonctions ex\u00e9cutives aide les \u00e9l\u00e8ves \u00e0 renforcer l\u2019attention, la planification et l\u2019autogestion gr\u00e2ce \u00e0 un accompagnement structur\u00e9, en t\u00eate-\u00e0-t\u00eate. Avec une pratique r\u00e9guli\u00e8re et des strat\u00e9gies personnalis\u00e9es, les \u00e9l\u00e8ves apprennent \u00e0 rester organis\u00e9s, \u00e0 respecter les \u00e9ch\u00e9ances et \u00e0 prendre en main leur parcours d\u2019apprentissage. <\/p><p>Ces am\u00e9liorations vont au-del\u00e0 des r\u00e9sultats scolaires : les \u00e9l\u00e8ves gagnent en autonomie, d\u00e9veloppent de meilleures habilet\u00e9s de prise de d\u00e9cision et une plus grande confiance en soi, ce qui a un impact positif sur tous les aspects de la vie.<\/p><h4 style=\"font-size: 24px\">Coaching des fonctions ex\u00e9cutives et d\u00e9veloppement scolaire<\/h4><p>Le coaching des fonctions ex\u00e9cutives fournit aux \u00e9l\u00e8ves des strat\u00e9gies qu\u2019ils peuvent appliquer \u00e0 l\u2019\u00e9cole, pour les devoirs et dans leurs responsabilit\u00e9s du quotidien. En renfor\u00e7ant les comp\u00e9tences d\u2019organisation, de planification, de gestion du temps et d\u2019autor\u00e9gulation, les \u00e9l\u00e8ves deviennent des apprenants plus confiants et plus autonomes. <\/p><p>Pour les \u00e9l\u00e8ves qui n\u00e9cessitent un soutien scolaire additionnel, le coaching des fonctions ex\u00e9cutives peut s&rsquo;int\u00e9grer \u00e0 nos services de soutien TDAH et \u00e0 nos programmes de formation aux m\u00e9thodes de travail.<\/p>\t\t\t\t\t\t\t\t<\/div>\n\t\t\t\t\t<\/div>\n\t\t\t\t<\/div>\n\t\t<div class=\"elementor-element elementor-element-5988be5 e-flex e-con-boxed e-con e-parent\" data-id=\"5988be5\" data-element_type=\"container\" data-e-type=\"container\" data-settings=\"{&quot;background_background&quot;:&quot;classic&quot;}\">\n\t\t\t\t\t<div class=\"e-con-inner\">\n\t\t<div class=\"elementor-element elementor-element-aa5a1e9 e-con-full e-flex e-con e-child\" data-id=\"aa5a1e9\" data-element_type=\"container\" data-e-type=\"container\">\n\t\t\t\t<div class=\"elementor-element elementor-element-7478e00 elementor-align-center elementor-icon-list--layout-traditional elementor-list-item-link-full_width elementor-widget elementor-widget-icon-list\" data-id=\"7478e00\" data-element_type=\"widget\" data-e-type=\"widget\" data-widget_type=\"icon-list.default\">\n\t\t\t\t\t\t\t<ul class=\"elementor-icon-list-items\">\n\t\t\t\t\t\t\t<li class=\"elementor-icon-list-item\">\n\t\t\t\t\t\t\t\t\t\t\t<span class=\"elementor-icon-list-icon\">\n\t\t\t\t\t\t\t<i aria-hidden=\"true\" class=\"jki jki-book-reader-solid\"><\/i>\t\t\t\t\t\t<\/span>\n\t\t\t\t\t\t\t\t\t\t<span class=\"elementor-icon-list-text\">FAQ<\/span>\n\t\t\t\t\t\t\t\t\t<\/li>\n\t\t\t\t\t\t<\/ul>\n\t\t\t\t\t\t<\/div>\n\t\t\t\t<div class=\"elementor-element elementor-element-773bfca elementor-widget elementor-widget-heading\" data-id=\"773bfca\" data-element_type=\"widget\" data-e-type=\"widget\" data-widget_type=\"heading.default\">\n\t\t\t\t\t<h2 class=\"elementor-heading-title elementor-size-default\">Foire aux questions<\/h2>\t\t\t\t<\/div>\n\t\t\t\t<\/div>\n\t\t<div class=\"elementor-element elementor-element-ebe4974 e-con-full e-flex e-con e-child\" data-id=\"ebe4974\" data-element_type=\"container\" data-e-type=\"container\">\n\t\t<div class=\"elementor-element elementor-element-442a5fe e-con-full e-flex e-con e-child\" data-id=\"442a5fe\" data-element_type=\"container\" data-e-type=\"container\">\n\t\t\t\t<div class=\"elementor-element elementor-element-b6a6dbd elementor-widget elementor-widget-elementskit-accordion\" data-id=\"b6a6dbd\" data-element_type=\"widget\" data-e-type=\"widget\" data-widget_type=\"elementskit-accordion.default\">\n\t\t\t\t\t<div class=\"ekit-wid-con\" >\n        <div class=\"elementskit-accordion accoedion-primary\" id=\"accordion-6a9bbef5d10f3\">\n\n            \n                <div class=\"elementskit-card active\">\n                    <div class=\"elementskit-card-header\" id=\"primaryHeading-0-b6a6dbd\">\n                        <a href=\"#collapse-b42a8d66a9bbef5d10f3\" class=\"ekit-accordion--toggler elementskit-btn-link collapsed\" data-ekit-toggle=\"collapse\" data-target=\"#Collapse-b42a8d66a9bbef5d10f3\" aria-expanded=\"true\" aria-controls=\"Collapse-b42a8d66a9bbef5d10f3\">\n                            \n                            <span class=\"ekit-accordion-title\">Qu\u2019est-ce que le coaching des fonctions ex\u00e9cutives ?<\/span>\n\n                            \n                                <div class=\"ekit_accordion_icon_group\">\n                                    <div class=\"ekit_accordion_normal_icon\">\n                                        <!-- Normal Icon -->\n\t\t\t\t\t\t\t\t\t\t<i class=\"icon icon-down-arrow1\"><\/i>                                    <\/div>\n\n                                    <div class=\"ekit_accordion_active_icon\">\n                                        <!-- Active Icon -->\n\t\t\t\t\t\t\t\t\t\t<i class=\"icon icon-up-arrow\"><\/i>                                    <\/div>\n                                <\/div>\n\n                            \n                                                    <\/a>\n                    <\/div>\n\n                    <div id=\"Collapse-b42a8d66a9bbef5d10f3\" class=\" show collapse\" aria-labelledby=\"primaryHeading-0-b6a6dbd\" data-parent=\"#accordion-6a9bbef5d10f3\">\n\n                        <div class=\"elementskit-card-body ekit-accordion--content\">\n                            <p><span style=\"font-weight: 400\">Le coaching des fonctions ex\u00e9cutives aide les \u00e9l\u00e8ves \u00e0 renforcer les comp\u00e9tences li\u00e9es \u00e0 l\u2019organisation, la planification, la gestion du temps, l\u2019autor\u00e9gulation et la r\u00e9alisation des t\u00e2ches.<\/span><\/p>\n                        <\/div>\n\n                    <\/div>\n\n                <\/div><!-- .elementskit-card END -->\n\n                \n                <div class=\"elementskit-card \">\n                    <div class=\"elementskit-card-header\" id=\"primaryHeading-1-b6a6dbd\">\n                        <a href=\"#collapse-e564bc96a9bbef5d10f3\" class=\"ekit-accordion--toggler elementskit-btn-link collapsed\" data-ekit-toggle=\"collapse\" data-target=\"#Collapse-e564bc96a9bbef5d10f3\" aria-expanded=\"false\" aria-controls=\"Collapse-e564bc96a9bbef5d10f3\">\n                            \n                            <span class=\"ekit-accordion-title\">Qui peut b\u00e9n\u00e9ficier du coaching des fonctions ex\u00e9cutives ?<\/span>\n\n                            \n                                <div class=\"ekit_accordion_icon_group\">\n                                    <div class=\"ekit_accordion_normal_icon\">\n                                        <!-- Normal Icon -->\n\t\t\t\t\t\t\t\t\t\t<i class=\"icon icon-down-arrow1\"><\/i>                                    <\/div>\n\n                                    <div class=\"ekit_accordion_active_icon\">\n                                        <!-- Active Icon -->\n\t\t\t\t\t\t\t\t\t\t<i class=\"icon icon-up-arrow\"><\/i>                                    <\/div>\n                                <\/div>\n\n                            \n                                                    <\/a>\n                    <\/div>\n\n                    <div id=\"Collapse-e564bc96a9bbef5d10f3\" class=\" collapse\" aria-labelledby=\"primaryHeading-1-b6a6dbd\" data-parent=\"#accordion-6a9bbef5d10f3\">\n\n                        <div class=\"elementskit-card-body ekit-accordion--content\">\n                            <p><span style=\"font-weight: 400\">Les \u00e9l\u00e8ves qui \u00e9prouvent des difficult\u00e9s avec l\u2019organisation, la procrastination, la planification, la m\u00e9moire de travail ou le TDAH avec dysfonctionnement ex\u00e9cutif peuvent b\u00e9n\u00e9ficier d\u2019un coaching des fonctions ex\u00e9cutives.<\/span><\/p>\n                        <\/div>\n\n                    <\/div>\n\n                <\/div><!-- .elementskit-card END -->\n\n                \n                <div class=\"elementskit-card \">\n                    <div class=\"elementskit-card-header\" id=\"primaryHeading-2-b6a6dbd\">\n                        <a href=\"#collapse-f0429aa6a9bbef5d10f3\" class=\"ekit-accordion--toggler elementskit-btn-link collapsed\" data-ekit-toggle=\"collapse\" data-target=\"#Collapse-f0429aa6a9bbef5d10f3\" aria-expanded=\"false\" aria-controls=\"Collapse-f0429aa6a9bbef5d10f3\">\n                            \n                            <span class=\"ekit-accordion-title\">En quoi le coaching des fonctions ex\u00e9cutives aide-t-il les \u00e9l\u00e8ves ?<\/span>\n\n                            \n                                <div class=\"ekit_accordion_icon_group\">\n                                    <div class=\"ekit_accordion_normal_icon\">\n                                        <!-- Normal Icon -->\n\t\t\t\t\t\t\t\t\t\t<i class=\"icon icon-down-arrow1\"><\/i>                                    <\/div>\n\n                                    <div class=\"ekit_accordion_active_icon\">\n                                        <!-- Active Icon -->\n\t\t\t\t\t\t\t\t\t\t<i class=\"icon icon-up-arrow\"><\/i>                                    <\/div>\n                                <\/div>\n\n                            \n                                                    <\/a>\n                    <\/div>\n\n                    <div id=\"Collapse-f0429aa6a9bbef5d10f3\" class=\" collapse\" aria-labelledby=\"primaryHeading-2-b6a6dbd\" data-parent=\"#accordion-6a9bbef5d10f3\">\n\n                        <div class=\"elementskit-card-body ekit-accordion--content\">\n                            <p><span style=\"font-weight: 400\">Le coaching des fonctions ex\u00e9cutives propose des strat\u00e9gies pratiques qui aident les \u00e9l\u00e8ves \u00e0 g\u00e9rer leur travail scolaire, \u00e0 terminer leurs devoirs, \u00e0 rester organis\u00e9s et \u00e0 d\u00e9velopper des habitudes d\u2019apprentissage autonome.<\/span><\/p>\n                        <\/div>\n\n                    <\/div>\n\n                <\/div><!-- .elementskit-card END -->\n\n                                        <\/div>\n    <\/div>\t\t\t\t<\/div>\n\t\t\t\t<\/div>\n\t\t<div class=\"elementor-element elementor-element-23707af e-con-full e-flex e-con e-child\" data-id=\"23707af\" data-element_type=\"container\" data-e-type=\"container\">\n\t\t\t\t<div class=\"elementor-element elementor-element-3e74548 elementor-widget elementor-widget-elementskit-accordion\" data-id=\"3e74548\" data-element_type=\"widget\" data-e-type=\"widget\" data-widget_type=\"elementskit-accordion.default\">\n\t\t\t\t\t<div class=\"ekit-wid-con\" >\n        <div class=\"elementskit-accordion accoedion-primary\" id=\"accordion-6a9bbef5d82d9\">\n\n            \n                <div class=\"elementskit-card active\">\n                    <div class=\"elementskit-card-header\" id=\"primaryHeading-0-3e74548\">\n                        <a href=\"#collapse-b42a8d66a9bbef5d82d9\" class=\"ekit-accordion--toggler elementskit-btn-link collapsed\" data-ekit-toggle=\"collapse\" data-target=\"#Collapse-b42a8d66a9bbef5d82d9\" aria-expanded=\"true\" aria-controls=\"Collapse-b42a8d66a9bbef5d82d9\">\n                            \n                            <span class=\"ekit-accordion-title\">Le coaching des fonctions ex\u00e9cutives est-il b\u00e9n\u00e9fique pour les \u00e9l\u00e8ves atteints de TDAH ?<\/span>\n\n                            \n                                <div class=\"ekit_accordion_icon_group\">\n                                    <div class=\"ekit_accordion_normal_icon\">\n                                        <!-- Normal Icon -->\n\t\t\t\t\t\t\t\t\t\t<i class=\"icon icon-down-arrow1\"><\/i>                                    <\/div>\n\n                                    <div class=\"ekit_accordion_active_icon\">\n                                        <!-- Active Icon -->\n\t\t\t\t\t\t\t\t\t\t<i class=\"icon icon-up-arrow\"><\/i>                                    <\/div>\n                                <\/div>\n\n                            \n                                                    <\/a>\n                    <\/div>\n\n                    <div id=\"Collapse-b42a8d66a9bbef5d82d9\" class=\" show collapse\" aria-labelledby=\"primaryHeading-0-3e74548\" data-parent=\"#accordion-6a9bbef5d82d9\">\n\n                        <div class=\"elementskit-card-body ekit-accordion--content\">\n                            <p><span style=\"font-weight: 400\">Oui. De nombreux \u00e9l\u00e8ves atteints de TDAH rencontrent des d\u00e9fis li\u00e9s aux fonctions ex\u00e9cutives, et le coaching peut aider \u00e0 renforcer la planification, l\u2019organisation, l\u2019autor\u00e9gulation et les comp\u00e9tences scolaires. <\/span><\/p>\n                        <\/div>\n\n                    <\/div>\n\n                <\/div><!-- .elementskit-card END -->\n\n                \n                <div class=\"elementskit-card active\">\n                    <div class=\"elementskit-card-header\" id=\"primaryHeading-1-3e74548\">\n                        <a href=\"#collapse-f4bd59a6a9bbef5d82d9\" class=\"ekit-accordion--toggler elementskit-btn-link collapsed\" data-ekit-toggle=\"collapse\" data-target=\"#Collapse-f4bd59a6a9bbef5d82d9\" aria-expanded=\"true\" aria-controls=\"Collapse-f4bd59a6a9bbef5d82d9\">\n                            \n                            <span class=\"ekit-accordion-title\">Quelles comp\u00e9tences en fonctions ex\u00e9cutives sont importantes pour les \u00e9l\u00e8ves ?<\/span>\n\n                            \n                                <div class=\"ekit_accordion_icon_group\">\n                                    <div class=\"ekit_accordion_normal_icon\">\n                                        <!-- Normal Icon -->\n\t\t\t\t\t\t\t\t\t\t<i class=\"icon icon-down-arrow1\"><\/i>                                    <\/div>\n\n                                    <div class=\"ekit_accordion_active_icon\">\n                                        <!-- Active Icon -->\n\t\t\t\t\t\t\t\t\t\t<i class=\"icon icon-up-arrow\"><\/i>                                    <\/div>\n                                <\/div>\n\n                            \n                                                    <\/a>\n                    <\/div>\n\n                    <div id=\"Collapse-f4bd59a6a9bbef5d82d9\" class=\" show collapse\" aria-labelledby=\"primaryHeading-1-3e74548\" data-parent=\"#accordion-6a9bbef5d82d9\">\n\n                        <div class=\"elementskit-card-body ekit-accordion--content\">\n                            <p><span style=\"font-weight: 400\">Les comp\u00e9tences importantes en fonctions ex\u00e9cutives pour les \u00e9l\u00e8ves comprennent la planification, l'organisation, la m\u00e9moire de travail, l'initiation de t\u00e2ches, la gestion du temps, l'autor\u00e9gulation et l'\u00e9tablissement d'objectifs.<\/span><\/p>\n                        <\/div>\n\n                    <\/div>\n\n                <\/div><!-- .elementskit-card END -->\n\n                \n                <div class=\"elementskit-card \">\n                    <div class=\"elementskit-card-header\" id=\"primaryHeading-2-3e74548\">\n                        <a href=\"#collapse-f0429aa6a9bbef5d82d9\" class=\"ekit-accordion--toggler elementskit-btn-link collapsed\" data-ekit-toggle=\"collapse\" data-target=\"#Collapse-f0429aa6a9bbef5d82d9\" aria-expanded=\"false\" aria-controls=\"Collapse-f0429aa6a9bbef5d82d9\">\n                            \n                            <span class=\"ekit-accordion-title\">Le coaching des fonctions ex\u00e9cutives peut-il am\u00e9liorer les r\u00e9sultats scolaires ?<\/span>\n\n                            \n                                <div class=\"ekit_accordion_icon_group\">\n                                    <div class=\"ekit_accordion_normal_icon\">\n                                        <!-- Normal Icon -->\n\t\t\t\t\t\t\t\t\t\t<i class=\"icon icon-down-arrow1\"><\/i>                                    <\/div>\n\n                                    <div class=\"ekit_accordion_active_icon\">\n                                        <!-- Active Icon -->\n\t\t\t\t\t\t\t\t\t\t<i class=\"icon icon-up-arrow\"><\/i>                                    <\/div>\n                                <\/div>\n\n                            \n                                                    <\/a>\n                    <\/div>\n\n                    <div id=\"Collapse-f0429aa6a9bbef5d82d9\" class=\" collapse\" aria-labelledby=\"primaryHeading-2-3e74548\" data-parent=\"#accordion-6a9bbef5d82d9\">\n\n                        <div class=\"elementskit-card-body ekit-accordion--content\">\n                            <p><span style=\"font-weight: 400\">De solides comp\u00e9tences en fonctions ex\u00e9cutives aident les \u00e9l\u00e8ves \u00e0 g\u00e9rer leurs devoirs, \u00e0 respecter les \u00e9ch\u00e9ances, \u00e0 rester organis\u00e9s et \u00e0 aborder les apprentissages avec plus de confiance.<\/span><\/p>\n                        <\/div>\n\n                    <\/div>\n\n                <\/div><!-- .elementskit-card END -->\n\n                                        <\/div>\n    <\/div>\t\t\t\t<\/div>\n\t\t\t\t<\/div>\n\t\t\t\t<\/div>\n\t\t\t\t\t<\/div>\n\t\t\t\t<\/div>\n\t\t\t\t<\/div>\n\t\t","protected":false},"excerpt":{"rendered":"<p>Que sont les fonctions ex\u00e9cutives et pourquoi elles sont importantes pour les \u00e9l\u00e8ves Les fonctions ex\u00e9cutives d\u00e9signent un ensemble de [&hellip;]<\/p>\n","protected":false},"author":2,"featured_media":0,"parent":0,"menu_order":0,"comment_status":"closed","ping_status":"closed","template":"","meta":{"site-sidebar-layout":"default","site-content-layout":"","ast-site-content-layout":"default","site-content-style":"default","site-sidebar-style":"default","ast-global-header-display":"","ast-banner-title-visibility":"","ast-main-header-display":"","ast-hfb-above-header-display":"","ast-hfb-below-header-display":"","ast-hfb-mobile-header-display":"","site-post-title":"","ast-breadcrumbs-content":"","ast-featured-img":"","footer-sml-layout":"","ast-disable-related-posts":"","theme-transparent-header-meta":"default","adv-header-id-meta":"","stick-header-meta":"","header-above-stick-meta":"","header-main-stick-meta":"","header-below-stick-meta":"","astra-migrate-meta-layouts":"set","ast-page-background-enabled":"default","ast-page-background-meta":{"desktop":{"background-color":"var(--ast-global-color-5)","background-image":"","background-repeat":"repeat","background-position":"center center","background-size":"auto","background-attachment":"scroll","background-type":"","background-media":"","overlay-type":"","overlay-color":"","overlay-opacity":"","overlay-gradient":""},"tablet":{"background-color":"","background-image":"","background-repeat":"repeat","background-position":"center center","background-size":"auto","background-attachment":"scroll","background-type":"","background-media":"","overlay-type":"","overlay-color":"","overlay-opacity":"","overlay-gradient":""},"mobile":{"background-color":"","background-image":"","background-repeat":"repeat","background-position":"center center","background-size":"auto","background-attachment":"scroll","background-type":"","background-media":"","overlay-type":"","overlay-color":"","overlay-opacity":"","overlay-gradient":""}},"ast-content-background-meta":{"desktop":{"background-color":"var(--ast-global-color-4)","background-image":"","background-repeat":"repeat","background-position":"center center","background-size":"auto","background-attachment":"scroll","background-type":"","background-media":"","overlay-type":"","overlay-color":"","overlay-opacity":"","overlay-gradient":""},"tablet":{"background-color":"var(--ast-global-color-4)","background-image":"","background-repeat":"repeat","background-position":"center center","background-size":"auto","background-attachment":"scroll","background-type":"","background-media":"","overlay-type":"","overlay-color":"","overlay-opacity":"","overlay-gradient":""},"mobile":{"background-color":"var(--ast-global-color-4)","background-image":"","background-repeat":"repeat","background-position":"center center","background-size":"auto","background-attachment":"scroll","background-type":"","background-media":"","overlay-type":"","overlay-color":"","overlay-opacity":"","overlay-gradient":""}},"footnotes":""},"class_list":["post-8269","page","type-page","status-publish","hentry"],"yoast_head":"<!-- This site is optimized with the Yoast SEO plugin v28.1 - https:\/\/yoast.com\/product\/yoast-seo-wordpress\/ -->\n<title>Coaching des fonctions ex\u00e9cutives | Comp\u00e9tences ex\u00e9cutives pour les \u00e9l\u00e8ves<\/title>\n<meta name=\"description\" content=\"Aidez votre enfant \u00e0 d\u00e9velopper de meilleures comp\u00e9tences en fonctions ex\u00e9cutives gr\u00e2ce \u00e0 un coaching personnalis\u00e9 ax\u00e9 sur l\u2019organisation, la planification, la gestion du temps et la r\u00e9ussite scolaire.\" \/>\n<meta name=\"robots\" content=\"index, follow, max-snippet:-1, max-image-preview:large, max-video-preview:-1\" \/>\n<link rel=\"canonical\" href=\"https:\/\/strategiclearning.ca\/fr\/executive-functioning-coaching\/\" \/>\n<meta property=\"og:locale\" content=\"fr_FR\" \/>\n<meta property=\"og:type\" content=\"article\" \/>\n<meta property=\"og:title\" content=\"Coaching des fonctions ex\u00e9cutives | Comp\u00e9tences ex\u00e9cutives pour les \u00e9l\u00e8ves\" \/>\n<meta property=\"og:description\" content=\"Aidez votre enfant \u00e0 d\u00e9velopper de meilleures comp\u00e9tences en fonctions ex\u00e9cutives gr\u00e2ce \u00e0 un coaching personnalis\u00e9 ax\u00e9 sur l\u2019organisation, la planification, la gestion du temps et la r\u00e9ussite scolaire.\" \/>\n<meta property=\"og:url\" content=\"https:\/\/strategiclearning.ca\/fr\/executive-functioning-coaching\/\" \/>\n<meta property=\"og:site_name\" content=\"Strategic Learning Clinic\" \/>\n<meta property=\"article:modified_time\" content=\"2026-08-29T07:32:01+00:00\" \/>\n<meta name=\"twitter:card\" content=\"summary_large_image\" \/>\n<meta name=\"twitter:label1\" content=\"Dur\u00e9e de lecture estim\u00e9e\" \/>\n\t<meta name=\"twitter:data1\" content=\"5 minutes\" \/>\n<script type=\"application\/ld+json\" class=\"yoast-schema-graph\">{\"@context\":\"https:\\\/\\\/schema.org\",\"@graph\":[{\"@type\":\"WebPage\",\"@id\":\"https:\\\/\\\/strategiclearning.ca\\\/fr\\\/executive-functioning-coaching\\\/\",\"url\":\"https:\\\/\\\/strategiclearning.ca\\\/fr\\\/executive-functioning-coaching\\\/\",\"name\":\"Coaching des fonctions ex\u00e9cutives | Comp\u00e9tences ex\u00e9cutives pour les \u00e9l\u00e8ves\",\"isPartOf\":{\"@id\":\"https:\\\/\\\/strategiclearning.ca\\\/#website\"},\"datePublished\":\"2026-07-22T09:24:05+00:00\",\"dateModified\":\"2026-08-29T07:32:01+00:00\",\"description\":\"Aidez votre enfant \u00e0 d\u00e9velopper de meilleures comp\u00e9tences en fonctions ex\u00e9cutives gr\u00e2ce \u00e0 un coaching personnalis\u00e9 ax\u00e9 sur l\u2019organisation, la planification, la gestion du temps et la r\u00e9ussite scolaire.\",\"breadcrumb\":{\"@id\":\"https:\\\/\\\/strategiclearning.ca\\\/fr\\\/executive-functioning-coaching\\\/#breadcrumb\"},\"inLanguage\":\"fr-FR\",\"potentialAction\":[{\"@type\":\"ReadAction\",\"target\":[\"https:\\\/\\\/strategiclearning.ca\\\/fr\\\/executive-functioning-coaching\\\/\"]}]},{\"@type\":\"BreadcrumbList\",\"@id\":\"https:\\\/\\\/strategiclearning.ca\\\/fr\\\/executive-functioning-coaching\\\/#breadcrumb\",\"itemListElement\":[{\"@type\":\"ListItem\",\"position\":1,\"name\":\"Home\",\"item\":\"https:\\\/\\\/strategiclearning.ca\\\/fr\\\/maison\\\/\"},{\"@type\":\"ListItem\",\"position\":2,\"name\":\"Coaching des fonctions ex\u00e9cutives \u00e0 Montr\u00e9al pour les enfants\"}]},{\"@type\":\"WebSite\",\"@id\":\"https:\\\/\\\/strategiclearning.ca\\\/#website\",\"url\":\"https:\\\/\\\/strategiclearning.ca\\\/\",\"name\":\"Strategic Learning Clinic\",\"description\":\"\",\"publisher\":{\"@id\":\"https:\\\/\\\/strategiclearning.ca\\\/#organization\"},\"potentialAction\":[{\"@type\":\"SearchAction\",\"target\":{\"@type\":\"EntryPoint\",\"urlTemplate\":\"https:\\\/\\\/strategiclearning.ca\\\/?s={search_term_string}\"},\"query-input\":{\"@type\":\"PropertyValueSpecification\",\"valueRequired\":true,\"valueName\":\"search_term_string\"}}],\"inLanguage\":\"fr-FR\"},{\"@type\":\"Organization\",\"@id\":\"https:\\\/\\\/strategiclearning.ca\\\/#organization\",\"name\":\"Strategic Learning Clinic\",\"url\":\"https:\\\/\\\/strategiclearning.ca\\\/\",\"logo\":{\"@type\":\"ImageObject\",\"inLanguage\":\"fr-FR\",\"@id\":\"https:\\\/\\\/strategiclearning.ca\\\/#\\\/schema\\\/logo\\\/image\\\/\",\"url\":\"https:\\\/\\\/strategiclearning.ca\\\/wp-content\\\/uploads\\\/2026\\\/06\\\/Slc_logo-300.png\",\"contentUrl\":\"https:\\\/\\\/strategiclearning.ca\\\/wp-content\\\/uploads\\\/2026\\\/06\\\/Slc_logo-300.png\",\"width\":300,\"height\":67,\"caption\":\"Strategic Learning Clinic\"},\"image\":{\"@id\":\"https:\\\/\\\/strategiclearning.ca\\\/#\\\/schema\\\/logo\\\/image\\\/\"}}]}<\/script>\n<!-- \/ Yoast SEO plugin. -->","yoast_head_json":{"title":"Coaching des fonctions ex\u00e9cutives | Comp\u00e9tences ex\u00e9cutives pour les \u00e9l\u00e8ves","description":"Aidez votre enfant \u00e0 d\u00e9velopper de meilleures comp\u00e9tences en fonctions ex\u00e9cutives gr\u00e2ce \u00e0 un coaching personnalis\u00e9 ax\u00e9 sur l\u2019organisation, la planification, la gestion du temps et la r\u00e9ussite scolaire.","robots":{"index":"index","follow":"follow","max-snippet":"max-snippet:-1","max-image-preview":"max-image-preview:large","max-video-preview":"max-video-preview:-1"},"canonical":"https:\/\/strategiclearning.ca\/fr\/executive-functioning-coaching\/","og_locale":"fr_FR","og_type":"article","og_title":"Coaching des fonctions ex\u00e9cutives | Comp\u00e9tences ex\u00e9cutives pour les \u00e9l\u00e8ves","og_description":"Aidez votre enfant \u00e0 d\u00e9velopper de meilleures comp\u00e9tences en fonctions ex\u00e9cutives gr\u00e2ce \u00e0 un coaching personnalis\u00e9 ax\u00e9 sur l\u2019organisation, la planification, la gestion du temps et la r\u00e9ussite scolaire.","og_url":"https:\/\/strategiclearning.ca\/fr\/executive-functioning-coaching\/","og_site_name":"Strategic Learning Clinic","article_modified_time":"2026-08-29T07:32:01+00:00","twitter_card":"summary_large_image","twitter_misc":{"Dur\u00e9e de lecture estim\u00e9e":"5 minutes"},"schema":{"@context":"https:\/\/schema.org","@graph":[{"@type":"WebPage","@id":"https:\/\/strategiclearning.ca\/fr\/executive-functioning-coaching\/","url":"https:\/\/strategiclearning.ca\/fr\/executive-functioning-coaching\/","name":"Coaching des fonctions ex\u00e9cutives | Comp\u00e9tences ex\u00e9cutives pour les \u00e9l\u00e8ves","isPartOf":{"@id":"https:\/\/strategiclearning.ca\/#website"},"datePublished":"2026-07-22T09:24:05+00:00","dateModified":"2026-08-29T07:32:01+00:00","description":"Aidez votre enfant \u00e0 d\u00e9velopper de meilleures comp\u00e9tences en fonctions ex\u00e9cutives gr\u00e2ce \u00e0 un coaching personnalis\u00e9 ax\u00e9 sur l\u2019organisation, la planification, la gestion du temps et la r\u00e9ussite scolaire.","breadcrumb":{"@id":"https:\/\/strategiclearning.ca\/fr\/executive-functioning-coaching\/#breadcrumb"},"inLanguage":"fr-FR","potentialAction":[{"@type":"ReadAction","target":["https:\/\/strategiclearning.ca\/fr\/executive-functioning-coaching\/"]}]},{"@type":"BreadcrumbList","@id":"https:\/\/strategiclearning.ca\/fr\/executive-functioning-coaching\/#breadcrumb","itemListElement":[{"@type":"ListItem","position":1,"name":"Home","item":"https:\/\/strategiclearning.ca\/fr\/maison\/"},{"@type":"ListItem","position":2,"name":"Coaching des fonctions ex\u00e9cutives \u00e0 Montr\u00e9al pour les enfants"}]},{"@type":"WebSite","@id":"https:\/\/strategiclearning.ca\/#website","url":"https:\/\/strategiclearning.ca\/","name":"Strategic Learning Clinic","description":"","publisher":{"@id":"https:\/\/strategiclearning.ca\/#organization"},"potentialAction":[{"@type":"SearchAction","target":{"@type":"EntryPoint","urlTemplate":"https:\/\/strategiclearning.ca\/?s={search_term_string}"},"query-input":{"@type":"PropertyValueSpecification","valueRequired":true,"valueName":"search_term_string"}}],"inLanguage":"fr-FR"},{"@type":"Organization","@id":"https:\/\/strategiclearning.ca\/#organization","name":"Strategic Learning Clinic","url":"https:\/\/strategiclearning.ca\/","logo":{"@type":"ImageObject","inLanguage":"fr-FR","@id":"https:\/\/strategiclearning.ca\/#\/schema\/logo\/image\/","url":"https:\/\/strategiclearning.ca\/wp-content\/uploads\/2026\/06\/Slc_logo-300.png","contentUrl":"https:\/\/strategiclearning.ca\/wp-content\/uploads\/2026\/06\/Slc_logo-300.png","width":300,"height":67,"caption":"Strategic Learning Clinic"},"image":{"@id":"https:\/\/strategiclearning.ca\/#\/schema\/logo\/image\/"}}]}},"_links":{"self":[{"href":"https:\/\/strategiclearning.ca\/fr\/wp-json\/wp\/v2\/pages\/8269","targetHints":{"allow":["GET"]}}],"collection":[{"href":"https:\/\/strategiclearning.ca\/fr\/wp-json\/wp\/v2\/pages"}],"about":[{"href":"https:\/\/strategiclearning.ca\/fr\/wp-json\/wp\/v2\/types\/page"}],"author":[{"embeddable":true,"href":"https:\/\/strategiclearning.ca\/fr\/wp-json\/wp\/v2\/users\/2"}],"replies":[{"embeddable":true,"href":"https:\/\/strategiclearning.ca\/fr\/wp-json\/wp\/v2\/comments?post=8269"}],"version-history":[{"count":4,"href":"https:\/\/strategiclearning.ca\/fr\/wp-json\/wp\/v2\/pages\/8269\/revisions"}],"predecessor-version":[{"id":8617,"href":"https:\/\/strategiclearning.ca\/fr\/wp-json\/wp\/v2\/pages\/8269\/revisions\/8617"}],"wp:attachment":[{"href":"https:\/\/strategiclearning.ca\/fr\/wp-json\/wp\/v2\/media?parent=8269"}],"curies":[{"name":"wp","href":"https:\/\/api.w.org\/{rel}","templated":true}]}}